{"id":1534,"date":"2022-05-27T11:53:58","date_gmt":"2022-05-27T15:53:58","guid":{"rendered":"https:\/\/www.connectwithus.ca\/programme-ontarien-pour-lautisme-programmes-de-la-petite-enfance-geres-par-des-soignants\/"},"modified":"2026-02-11T07:38:03","modified_gmt":"2026-02-11T12:38:03","slug":"programme-ontarien-pour-lautisme-programmes-de-la-petite-enfance-geres-par-des-soignants","status":"publish","type":"page","link":"https:\/\/www.connectwithus.ca\/fr\/programme-ontarien-pour-lautisme-programmes-de-la-petite-enfance-geres-par-des-soignants\/","title":{"rendered":"Programme ontarien pour l&rsquo;autisme Programmes de la petite enfance g\u00e9r\u00e9s par des soignants"},"content":{"rendered":"<div class=\"et_pb_section_0 et_pb_section et_pb_fullwidth_section et_section_regular et_block_section preset--group--divi-section--divi-spacing--default\"><section class=\"et_pb_fullwidth_header_0 et_pb_fullwidth_header et_pb_bg_layout_light et_pb_text_align_left et_animated et_pb_module et_flex_module preset--group--divi-fullwidth-header--divi-spacing--default preset--group--divi-fullwidth-header--divi-font-body--default preset--module--divi-fullwidth-header--default\"><div class=\"et_pb_fullwidth_header_container left\"><div class=\"header-content-container center\"><div class=\"header-content et_flex_module\"><h2 class=\"et_pb_module_header\">Programmes<\/h2><span class=\"et_pb_fullwidth_header_subhead\">Programme ontarien pour lu0026#039;autisme La petite enfance par les soignants<\/span><div class=\"et_pb_header_button_wrapper\"><\/div><\/div><\/div><\/div><div class=\"et_pb_fullwidth_header_overlay\"><\/div><div class=\"et_pb_fullwidth_header_scroll\"><a class=\"scroll-down-container\" href=\"#\"><span class=\"scroll-down et-pb-icon\">;<\/span><\/a><\/div><\/section><\/div><div class=\"et_pb_section_1 et_pb_section et_section_regular et_block_section preset--group--divi-section--divi-spacing--default\"><div class=\"et_pb_row_0 et_pb_row et_pb_equal_columns et_pb_gutters1 et_block_row et_pb_row_fullwidth preset--group--divi-row--divi-spacing--default\"><div class=\"et_pb_column_0 et_pb_column et_pb_column_1_2 et_block_column et_pb_css_mix_blend_mode_passthrough preset--group--divi-column--divi-spacing--default\"><div class=\"et_pb_cta_0 et_pb_promo et_pb_bg_layout_dark et_pb_module et_block_module preset--group--divi-cta--divi-spacing--default preset--group--divi-cta--divi-font-body--default\"><div class=\"et_pb_promo_description\"><div class=\"et_pb_promo_content\"><p>u003ch1u003eu003cspan style=u0022font-size: medium;u0022u003eDans le cadre des changements apport\u00e9s au Programme pour l'autisme de l'Ontario (PAO), tous les enfants \u00e2g\u00e9s de 12 \u00e0 48 mois (4 ans) et inscrits au PAO sont admissibles et seront invit\u00e9s \u00e0 participer gratuitement \u00e0 des programmes pour la petite enfance anim\u00e9s par des soignants. Le Connections Early Years Family Centre, Children First et le John McGivney Children's Centre constituent les trois organismes de service s\u00e9lectionn\u00e9s pour offrir des programmes de d\u00e9veloppement de la petite enfance par l'interm\u00e9diaire de fournisseurs de soins \u00e0 Windsor-Essex.u003c\/spanu003eu003c\/h1u003e<\/p>\n<\/div><\/div><\/div><\/div><div class=\"et_pb_column_1 et_pb_column et_pb_column_1_2 et-last-child et_block_column et_pb_column_empty et_pb_css_mix_blend_mode_passthrough preset--group--divi-column--divi-spacing--default\"><\/div><\/div><\/div><div class=\"et_pb_section_2 et_pb_section et_section_regular et_block_section preset--group--divi-section--divi-spacing--default\"><div class=\"et_pb_row_1 et_pb_row et_block_row preset--group--divi-row--divi-spacing--default\"><div class=\"et_pb_column_2 et_pb_column et_pb_column_4_4 et-last-child et_block_column et_pb_css_mix_blend_mode_passthrough preset--group--divi-column--divi-spacing--default\"><div class=\"et_pb_text_0 et_pb_text et_pb_bg_layout_light et_pb_module et_block_module preset--group--divi-text--divi-spacing--default preset--group--divi-text--divi-font-body--default preset--module--divi-text--default\"><div class=\"et_pb_text_inner\"><p>u003cp style=u0022text-align: center;u0022u003eu003cstrongu003eSi vous avez des questions sur les programmes ou si vous avez re\u00e7u une lettre d'invitation et souhaitez vous inscrire, envoyez un courriel \u00e0 Children First \u00e0 l'adresse u003ca href=u0022mailto:info@children-first.cau0022u003einfo@children-first.cau003c\/au003e ou appelez le 519-250-1850.u003c\/strongu003eu003c\/pu003e<\/p>\n<\/div><\/div><\/div><\/div><div class=\"et_pb_row_2 et_pb_row et_block_row preset--group--divi-row--divi-spacing--default\" id=\"eligibility\"><div class=\"et_pb_column_3 et_pb_column et_pb_column_4_4 et-last-child et_block_column et_pb_css_mix_blend_mode_passthrough preset--group--divi-column--divi-spacing--default\"><div class=\"et_pb_text_1 et_pb_text et_pb_bg_layout_light et_pb_module et_block_module preset--group--divi-text--divi-spacing--default preset--group--divi-text--divi-font-body--default preset--module--divi-text--default\"><div class=\"et_pb_text_inner\"><p>u003cpu003eu003cstrongu003eEn partenariatu003c\/strongu003e, le programme Caregiver-Mu003cspan style=u0022font-size: medium;u0022u003eLes programmes de d\u00e9veloppement de la petite enfance aident les jeunes enfants \u00e0 acqu\u00e9rir de nouvelles comp\u00e9tences et \u00e0 atteindre des objectifs individuels. Tous les pu003c\/spanu003eLes programmes sont bas\u00e9s sur le jeu, dirig\u00e9s par les enfants et adapt\u00e9s \u00e0 leur d\u00e9veloppement. Les programmes sont gratuits et disponibles pour une p\u00e9riode allant jusqu'\u00e0 six mois par enfant.u003c\/pu003enu003cpu003eGr\u00e2ce \u00e0 ces programmes, vous apprendrez des strat\u00e9gies th\u00e9rapeutiques et des techniques sp\u00e9cifiques aupr\u00e8s de professionnels, en fonction des besoins individuels de votre enfant. Les programmes visent \u00e0 renforcer votre capacit\u00e9 \u00e0 soutenir le d\u00e9veloppement des comp\u00e9tences de votre enfant dans les domaines suivants :u003c\/pu003enu003culu003enu003cliu003eInteraction socialeu003c\/liu003enu003cliu003eJoueru003c\/liu003enu003cliu003eCommunicationu003c\/liu003enu003cliu003eD\u00e9veloppement \u00e9motionnelu003c\/liu003enu003cliu003eD\u00e9veloppement adaptatif et comp\u00e9tences d'auto-assistanceu003c\/liu003enu003c\/ulu003e<\/p>\n<\/div><\/div><div class=\"et_pb_divider_0 et_pb_divider et_pb_space et_pb_divider_position_top et_pb_module preset--group--divi-divider--divi-spacing--default\"><div class=\"et_pb_divider_internal\"><\/div><\/div><div class=\"et_pb_text_2 et_pb_text et_pb_bg_layout_light et_pb_module et_block_module preset--group--divi-text--divi-spacing--default preset--group--divi-text--divi-font-body--default preset--module--divi-text--default\"><div class=\"et_pb_text_inner\"><p>u003cpu003eUne fois que vous aurez re\u00e7u une invitation du minist\u00e8re de l'Enfance, de la Communaut\u00e9 et des Services sociaux, rendez-vous sur le siteu003cspanu003e u003c\/spanu003eu003ca href=u0022https:\/\/www.ontario.ca\/page\/ontario-autism-programu0022 target=u0022_blanku0022 rel=u0022noreferrer noopeneru0022u003ehttps:\/\/www.ontario.ca\/page\/ontario-autism-programu003c\/au003eu003cspanu003e u003c\/spanu003epour en savoir plus sur le service et les autres possibilit\u00e9s qui vous sont offertes.u003c\/pu003enu003cpu003eDans la r\u00e9gion Ouest, Connexions,u003cspanu003e u003c\/spanu003eu003ca href=u0022https:\/\/www.children-first.ca\/u0022 target=u0022_blanku0022 rel=u0022noreferrer noopeneru0022u003eLes enfants d'abordu003c\/au003eu003cspanu003e u003c\/spanu003eetu003cspanu003e u003c\/spanu003eu003ca href=u0022https:\/\/www.jmccentre.ca\/u0022 target=u0022_blanku0022 rel=u0022noreferrer noopeneru0022u003eCentre pour enfants John McGivneyu003c\/au003eu003cspanu003e u003c\/spanu003eoffrira aux familles de Windsor-Essex un choix de trois programmes de d\u00e9veloppement de la petite enfance assist\u00e9s par des soignants. Notre \u00e9quipe proposera aux familles des options telles que l'ABC social, le projet IMPact et le projet PLAY. Le service est disponible en anglais et en fran\u00e7ais. Des services de traduction pour d'autres langues seront disponibles si n\u00e9cessaire. Programmes en ligne\/virtuels pour les familles situ\u00e9es n'importe o\u00f9 en Ontario, dans la limite des places disponibles.u003c\/pu003e<\/p>\n<\/div><\/div><div class=\"et_pb_image_0 et_pb_image et_pb_module et_block_module preset--group--divi-image--divi-spacing--default\"><span class=\"et_pb_image_wrap\"><img decoding=\"async\" data-src=\"http:\/\/cwustg.wpengine.com\/wp-content\/uploads\/2022\/05\/CMEY-Social-Media-768x768-1.png\" title=\"CMEY-Social-Media-768x768\" src=\"data:image\/svg+xml;base64,PHN2ZyB3aWR0aD0iMSIgaGVpZ2h0PSIxIiB4bWxucz0iaHR0cDovL3d3dy53My5vcmcvMjAwMC9zdmciPjwvc3ZnPg==\" class=\"lazyload\" \/><\/span><\/div><div class=\"et_pb_text_3 et_pb_text et_pb_bg_layout_light et_pb_module et_block_module preset--group--divi-text--divi-spacing--default preset--group--divi-text--divi-font-body--default preset--module--divi-text--default\"><div class=\"et_pb_text_inner\"><p>u003cp style=u0022text-align: center;u0022u003eu003cstrongu003eSi vous avez des questions sur les programmes ou si vous avez re\u00e7u une lettre d'invitation et souhaitez vous inscrire, envoyez un courriel \u00e0 Children First \u00e0 l'adresse u003ca href=u0022mailto:info@children-first.cau0022u003einfo@children-first.cau003c\/au003e ou appelez le 519-250-1850.u003c\/strongu003eu003c\/pu003e<\/p>\n<\/div><\/div><\/div><\/div><div class=\"et_pb_row_3 et_pb_row et_pb_equal_columns et_pb_gutters2 et_block_row preset--group--divi-row--divi-spacing--default\" id=\"eligibility\"><div class=\"et_pb_column_4 et_pb_column et_pb_column_1_3 et_block_column et_pb_css_mix_blend_mode_passthrough preset--group--divi-column--divi-spacing--default\"><div class=\"et_pb_icon_0 et_pb_icon et_pb_module et_block_module preset--group--divi-icon--divi-spacing--default\"><span class=\"et_pb_icon_wrap\"><\/span><\/div><div class=\"et_pb_cta_1 et_pb_promo et_pb_bg_layout_light et_pb_module et_block_module preset--group--divi-cta--divi-spacing--default preset--group--divi-cta--divi-font-body--default\"><div class=\"et_pb_promo_description\"><h1 class=\"et_pb_module_header\">Lu0026apos;ABC du social<\/h1><div class=\"et_pb_promo_content\"><p>u003cp style=u0022text-align: left;u0022u003eu003cstrongu003eu003c\/strongu003eu003c\/pu003enu003cp style=u0022text-align: left;u0022u003eu003cstrongu003ePrestataire :u003c\/strongu003eu003cspanu003e u003c\/spanu003eConnections Early Years Family Centreu003c\/pu003enu003cp style=u0022text-align: left;u0022u003eu003cstrongu003eTranche d'\u00e2ge :u003c\/strongu003eu003cspanu003e u003c\/spanu003e12 \u00e0 42 moisu003c\/pu003enu003cp style=u0022text-align: left;u0022u003eu003cstrongu003eType de programme :u003c\/strongu003e S\u00e9ances individuelles de coaching parentalu003c\/pu003enu003cp style=u0022text-align: left;u0022u003eu003cstrongu003eLieu :u003c\/strongu003eu003cspanu003e u003c\/spanu003eVirtuel ou en personne au centre familial Connections Early Years.u003c\/pu003enu003cp style=u0022text-align: left;u0022u003eu003cstrongu003eDur\u00e9e :u003c\/strongu003eu003cspanu003e u003c\/spanu003e12 semainesu003c\/pu003enu003cp style=u0022text-align: left;u0022u003eu003cstrongu003eVisites :u003c\/strongu003eu003cspanu003e u003c\/spanu003eS\u00e9ances individuelles de coaching parent-enfant allant de 1 \u00e0 3 fois par semaine.u003c\/pu003enu003cp style=u0022text-align: left;u0022u003eu003c\/pu003e<\/p>\n<\/div><\/div><\/div><div class=\"et_pb_cta_2 et_pb_promo et_pb_bg_layout_light et_pb_module et_block_module preset--group--divi-cta--divi-spacing--default preset--group--divi-cta--divi-font-body--default\"><div class=\"et_pb_promo_description\"><h1 class=\"et_pb_module_header\">\u00c0 propos de lu0026apos;ABC social<\/h1><div class=\"et_pb_promo_content\"><p>u003cp style=u0022text-align: left;u0022u003eL'ABC social est une intervention fond\u00e9e sur des preuves, men\u00e9e par les soignants et destin\u00e9e aux tout-petits qui ont des difficult\u00e9s de communication sociale. Il repose sur une combinaison de principes de d\u00e9veloppement et de comportement et vise \u00e0 am\u00e9liorer l'utilisation des vocalisations par les tout-petits pour communiquer et partager des \u00e9motions positives avec les autres.u003c\/pu003enu003cp style=u0022text-align: left;u0022u003eLes opportunit\u00e9s d'enseignement et d'apprentissage proviennent des int\u00e9r\u00eats naturels des tout-petits pendant les moments de jeu et les routines quotidiennes des soins. Les parents ou les autres personnes en charge travaillent avec un coach form\u00e9 \u00e0 l'ABC social pour apprendre les strat\u00e9gies d'intervention dans l'environnement naturel de leur enfant, en utilisant des activit\u00e9s ludiques et des routines quotidiennes que leur enfant trouve les plus motivantes.u003c\/pu003e<\/p>\n<\/div><\/div><\/div><div class=\"et_pb_module et_pb_button_module_wrapper et_pb_button_0_wrapper preset--group--divi-button--divi-spacing--default_wrapper preset--module--divi-button--default_wrapper\"><a class=\"et_pb_button_0 et_pb_button et_pb_bg_layout_light et_pb_module et_block_module preset--group--divi-button--divi-spacing--default preset--module--divi-button--default\" href=\"https:\/\/socialabcs.ca\/\" target=\"_blank\" data-icon=\"5\">Site web du programme du0026apos;intervention pr\u00e9coce ABC social<\/a><\/div><\/div><div class=\"et_pb_column_5 et_pb_column et_pb_column_1_3 et_block_column et_pb_css_mix_blend_mode_passthrough preset--group--divi-column--divi-spacing--default\"><div class=\"et_pb_icon_1 et_pb_icon et_pb_module et_block_module preset--group--divi-icon--divi-spacing--default\"><span class=\"et_pb_icon_wrap\"><\/span><\/div><div class=\"et_pb_cta_3 et_pb_promo et_pb_bg_layout_light et_pb_module et_block_module preset--group--divi-cta--divi-spacing--default preset--group--divi-cta--divi-font-body--default\"><div class=\"et_pb_promo_description\"><h2 class=\"et_pb_module_header\">Projet ImPACT<\/h2><div class=\"et_pb_promo_content\"><p>u003cp style=u0022text-align: left;u0022u003eu003cstrongu003eu003c\/strongu003eu003c\/pu003enu003cp style=u0022text-align: left;u0022u003eu003cstrongu003ePrestataire :u003c\/strongu003eu003cspanu003e u003c\/spanu003eLes enfants d'abordu003c\/pu003enu003cp style=u0022text-align: left;u0022u003eu003cstrongu003eTranche d'\u00e2ge :u003c\/strongu003eu003cspanu003e u003c\/spanu003e12 \u00e0 48 moisu003c\/pu003enu003cp style=u0022text-align: left;u0022u003eu003cstrongu003eType de programme :u003c\/strongu003eu003cspanu003e u003c\/spanu003eCoaching individuel et de groupeu003c\/pu003enu003cp style=u0022text-align: left;u0022u003eu003cstrongu003eLieu :u003c\/strongu003eu003cspanu003e u003c\/spanu003eVirtuel ou en personne \u00e0 domicile ou en cliniqueu003c\/pu003enu003cp style=u0022text-align: left;u0022u003eu003cstrongu003eDur\u00e9e :u003c\/strongu003eu003cspanu003e u003c\/spanu003e12 semainesu003c\/pu003enu003cp style=u0022text-align: left;u0022u003eu003cstrongu003eVisites :u003c\/strongu003eu003cspanu003e u003c\/spanu003eChaque visite dure de 60 \u00e0 90 minutes, entre 1 et 2 visites par semaine.u003c\/pu003enu003cp style=u0022text-align: left;u0022u003eu003c\/pu003e<\/p>\n<\/div><\/div><\/div><div class=\"et_pb_cta_4 et_pb_promo et_pb_bg_layout_light et_pb_module et_block_module preset--group--divi-cta--divi-spacing--default preset--group--divi-cta--divi-font-body--default\"><div class=\"et_pb_promo_description\"><h2 class=\"et_pb_module_header\">\u00c0 propos du projet ImPACT<\/h2><div class=\"et_pb_promo_content\"><p>u003cp style=u0022text-align: left;u0022u003eLe programme du projet ImPACT (Improving Parents as Communication Teachers) s'adresse aux parents et \u00e0 leurs jeunes enfants ayant re\u00e7u un diagnostic d'autisme, afin d'am\u00e9liorer la communication sociale, l'imitation et les aptitudes au jeu tout au long des routines quotidiennes. Les parents sont les experts de leur enfant et sont encadr\u00e9s par des professionnels hautement qualifi\u00e9s. Ensemble, les parents et le formateur \u00e9laborent des objectifs prioritaires et des activit\u00e9s pour soutenir l'apprentissage de l'enfant tout au long de la journ\u00e9e.u003c\/pu003enu003cp style=u0022text-align: left;u0022u003eLe projet ImPACT utilise une combinaison de strat\u00e9gies de d\u00e9veloppement et de comportement pour am\u00e9liorer les comp\u00e9tences de communication sociale dans quatre domaines principaux : l'engagement social, le langage, l'imitation sociale et le jeu.u003c\/pu003e<\/p>\n<\/div><\/div><\/div><div class=\"et_pb_module et_pb_button_module_wrapper et_pb_button_1_wrapper preset--group--divi-button--divi-spacing--default_wrapper preset--module--divi-button--default_wrapper\"><a class=\"et_pb_button_1 et_pb_button et_pb_bg_layout_light et_pb_module et_block_module preset--group--divi-button--divi-spacing--default preset--module--divi-button--default\" href=\"https:\/\/www.project-impact.org\/\" target=\"_blank\" data-icon=\"5\">Site web du projet ImPACT<\/a><\/div><\/div><div class=\"et_pb_column_6 et_pb_column et_pb_column_1_3 et-last-child et_block_column et_pb_css_mix_blend_mode_passthrough preset--group--divi-column--divi-spacing--default\"><div class=\"et_pb_icon_2 et_pb_icon et_pb_module et_block_module preset--group--divi-icon--divi-spacing--default\"><span class=\"et_pb_icon_wrap\"><\/span><\/div><div class=\"et_pb_cta_5 et_pb_promo et_pb_bg_layout_light et_pb_module et_block_module preset--group--divi-cta--divi-spacing--default preset--group--divi-cta--divi-font-body--default\"><div class=\"et_pb_promo_description\"><h2 class=\"et_pb_module_header\">Le projet PLAY<\/h2><div class=\"et_pb_promo_content\"><p>u003cp style=u0022text-align: left;u0022u003eu003cstrongu003eu003c\/strongu003eu003c\/pu003enu003cp style=u0022text-align: left;u0022u003eu003cstrongu003ePrestataireu003c\/strongu003e: Centre pour enfants John McGivneyu003c\/pu003enu003cp style=u0022text-align: left;u0022u003eu003cstrongu003eTranche d'\u00e2ge :u003c\/strongu003eu003cspanu003e u003c\/spanu003e12 \u00e0 48 moisu003c\/pu003enu003cp style=u0022text-align: left;u0022u003eu003cstrongu003eType de programme :u003c\/strongu003eu003cspanu003e u003c\/spanu003eIndividuelu003c\/pu003enu003cp style=u0022text-align: left;u0022u003eu003cstrongu003eLieu :u003c\/strongu003eu003cspanu003e u003c\/spanu003eVirtuel ou en personne \u00e0 domicile ou dans la communaut\u00e9u003c\/pu003enu003cp style=u0022text-align: left;u0022u003eu003cstrongu003eDur\u00e9e :u003c\/strongu003eu003cspanu003e u003c\/spanu003e6 moisu003c\/pu003enu003cp style=u0022text-align: left;u0022u003eu003cstrongu003eVisites :u003c\/strongu003eu003cspanu003e u003c\/spanu003eChaque visite dure de 1 \u00e0 3 heures, entre 2 et 4 visites par mois.u003c\/pu003enu003cp style=u0022text-align: left;u0022u003eu003c\/pu003e<\/p>\n<\/div><\/div><\/div><div class=\"et_pb_cta_6 et_pb_promo et_pb_bg_layout_light et_pb_module et_block_module preset--group--divi-cta--divi-spacing--default preset--group--divi-cta--divi-font-body--default\"><div class=\"et_pb_promo_description\"><h2 class=\"et_pb_module_header\">\u00c0 propos du projet PLAY<\/h2><div class=\"et_pb_promo_content\"><p>u003cp style=u0022text-align: left;u0022u003eLe projet PLAY est un programme fond\u00e9 sur des preuves, ludique, pratique et mis en \u0153uvre par les parents, qui favorise le d\u00e9veloppement des interactions sociales, de la communication, du jeu et des comp\u00e9tences pr\u00e9-acad\u00e9miques chez les enfants atteints d'autisme.u003c\/pu003enu003cp style=u0022text-align: left;u0022u003eCe programme convient aux enfants \u00e2g\u00e9s de 48 mois au plus qui communiquent \u00e0 diff\u00e9rents niveaux, depuis l'absence de mots jusqu'aux phrases. Le projet PLAY est con\u00e7u pour les enfants \u00e0 tous les niveaux de besoins. Il est adapt\u00e9 au d\u00e9veloppement et amusant, avec des strat\u00e9gies qui peuvent \u00eatre facilement utilis\u00e9es dans les activit\u00e9s quotidiennes d'une famille.u003c\/pu003e<\/p>\n<\/div><\/div><\/div><div class=\"et_pb_module et_pb_button_module_wrapper et_pb_button_2_wrapper preset--group--divi-button--divi-spacing--default_wrapper preset--module--divi-button--default_wrapper\"><a class=\"et_pb_button_2 et_pb_button et_pb_bg_layout_light et_pb_module et_block_module preset--group--divi-button--divi-spacing--default preset--module--divi-button--default\" href=\"https:\/\/playproject.org\/\" target=\"_blank\" data-icon=\"5\">Le site web du projet PLAY  <\/a><\/div><\/div><\/div><div class=\"et_pb_row_4 et_pb_row et_block_row preset--group--divi-row--divi-spacing--default\"><div class=\"et_pb_column_7 et_pb_column et_pb_column_4_4 et-last-child et_block_column et_pb_css_mix_blend_mode_passthrough preset--group--divi-column--divi-spacing--default\"><div class=\"et_pb_text_4 et_pb_text et_pb_bg_layout_light et_pb_module et_block_module preset--group--divi-text--divi-spacing--default preset--group--divi-text--divi-font-body--default preset--module--divi-text--default\"><div class=\"et_pb_text_inner\"><p>u003cp class=u0022has-text-align-center has-medium-font-sizeu0022 style=u0022text-align: center;u0022u003eu003cstrongu003eu003cspan class=u0022has-inline-coloru0022u003eGuide pour les prestataires de services :u003c\/spanu003eu003c\/strongu003eu003c\/pu003enu003cdiv aria-hidden=u0022trueu0022 class=u0022wp-block-spaceru0022 style=u0022text-align: center;u0022u003eu003c\/divu003enu003cp style=u0022text-align: center;u0022u003eSi vous \u00eates un prestataire de services, u003ca href=u0022https:\/\/www.connectwithus.ca\/wp-content\/uploads\/2022\/11\/CMEY-Guide-for-Service-Providers.pdfu0022u003ecliquez ici pour obtenir un guideu003c\/au003e contenant des informations sur la mani\u00e8re dont vous pouvez aider les familles.u003c\/pu003e<\/p>\n<\/div><\/div><\/div><\/div><\/div>","protected":false},"excerpt":{"rendered":"","protected":false},"author":1,"featured_media":0,"parent":0,"menu_order":0,"comment_status":"closed","ping_status":"closed","template":"","meta":{"footnotes":""},"class_list":["post-1534","page","type-page","status-publish","hentry"],"yoast_head":"<!-- This site is optimized with the Yoast SEO plugin v27.3 - https:\/\/yoast.com\/product\/yoast-seo-wordpress\/ -->\n<title>Programme ontarien pour l&#039;autisme Programmes de la petite enfance g\u00e9r\u00e9s par des soignants - Connections Early Years Family Centre<\/title>\n<meta name=\"description\" content=\"Les enfants \u00e2g\u00e9s de 12 \u00e0 48 mois (4 ans) et inscrits \u00e0 l&#039;OAP peuvent participer gratuitement aux programmes m\u00e9diatis\u00e9s par les soignants.\" \/>\n<meta name=\"robots\" content=\"index, follow, max-snippet:-1, max-image-preview:large, max-video-preview:-1\" \/>\n<link rel=\"canonical\" href=\"https:\/\/www.connectwithus.ca\/ontario-autism-program-caregiver-mediated-early-years-programs\/\" \/>\n<meta property=\"og:locale\" content=\"fr_FR\" \/>\n<meta property=\"og:type\" content=\"article\" \/>\n<meta property=\"og:title\" content=\"Programme ontarien pour l&#039;autisme Programmes de la petite enfance g\u00e9r\u00e9s par des soignants - Connections Early Years Family Centre\" \/>\n<meta property=\"og:description\" content=\"Les enfants \u00e2g\u00e9s de 12 \u00e0 48 mois (4 ans) et inscrits \u00e0 l&#039;OAP peuvent participer gratuitement aux programmes m\u00e9diatis\u00e9s par les soignants.\" \/>\n<meta property=\"og:url\" content=\"https:\/\/www.connectwithus.ca\/ontario-autism-program-caregiver-mediated-early-years-programs\/\" \/>\n<meta property=\"og:site_name\" content=\"Connections Early Years Family Centre\" \/>\n<meta property=\"article:modified_time\" content=\"2026-02-11T12:38:03+00:00\" \/>\n<meta name=\"twitter:card\" content=\"summary_large_image\" \/>\n<script type=\"application\/ld+json\" class=\"yoast-schema-graph\">{\"@context\":\"https:\\\/\\\/schema.org\",\"@graph\":[{\"@type\":\"WebPage\",\"@id\":\"https:\\\/\\\/www.connectwithus.ca\\\/ontario-autism-program-caregiver-mediated-early-years-programs\\\/\",\"url\":\"https:\\\/\\\/www.connectwithus.ca\\\/ontario-autism-program-caregiver-mediated-early-years-programs\\\/\",\"name\":\"Programme ontarien pour l'autisme Programmes de la petite enfance g\u00e9r\u00e9s par des soignants - Connections Early Years Family Centre\",\"isPartOf\":{\"@id\":\"https:\\\/\\\/www.connectwithus.ca\\\/#website\"},\"datePublished\":\"2022-05-27T15:53:58+00:00\",\"dateModified\":\"2026-02-11T12:38:03+00:00\",\"description\":\"Les enfants \u00e2g\u00e9s de 12 \u00e0 48 mois (4 ans) et inscrits \u00e0 l'OAP peuvent participer gratuitement aux programmes m\u00e9diatis\u00e9s par les soignants.\",\"breadcrumb\":{\"@id\":\"https:\\\/\\\/www.connectwithus.ca\\\/ontario-autism-program-caregiver-mediated-early-years-programs\\\/#breadcrumb\"},\"inLanguage\":\"fr-FR\",\"potentialAction\":[{\"@type\":\"ReadAction\",\"target\":[\"https:\\\/\\\/www.connectwithus.ca\\\/ontario-autism-program-caregiver-mediated-early-years-programs\\\/\"]}]},{\"@type\":\"BreadcrumbList\",\"@id\":\"https:\\\/\\\/www.connectwithus.ca\\\/ontario-autism-program-caregiver-mediated-early-years-programs\\\/#breadcrumb\",\"itemListElement\":[{\"@type\":\"ListItem\",\"position\":1,\"name\":\"Home\",\"item\":\"https:\\\/\\\/www.connectwithus.ca\\\/\"},{\"@type\":\"ListItem\",\"position\":2,\"name\":\"Programme ontarien pour l&#8217;autisme Programmes de la petite enfance g\u00e9r\u00e9s par des soignants\"}]},{\"@type\":\"WebSite\",\"@id\":\"https:\\\/\\\/www.connectwithus.ca\\\/#website\",\"url\":\"https:\\\/\\\/www.connectwithus.ca\\\/\",\"name\":\"Connections Early Years Family Centre\",\"description\":\"Healthy development of families and their children in Windsor-Essex County.\",\"potentialAction\":[{\"@type\":\"SearchAction\",\"target\":{\"@type\":\"EntryPoint\",\"urlTemplate\":\"https:\\\/\\\/www.connectwithus.ca\\\/?s={search_term_string}\"},\"query-input\":{\"@type\":\"PropertyValueSpecification\",\"valueRequired\":true,\"valueName\":\"search_term_string\"}}],\"inLanguage\":\"fr-FR\"}]}<\/script>\n<!-- \/ Yoast SEO plugin. -->","yoast_head_json":{"title":"Programme ontarien pour l'autisme Programmes de la petite enfance g\u00e9r\u00e9s par des soignants - Connections Early Years Family Centre","description":"Les enfants \u00e2g\u00e9s de 12 \u00e0 48 mois (4 ans) et inscrits \u00e0 l'OAP peuvent participer gratuitement aux programmes m\u00e9diatis\u00e9s par les soignants.","robots":{"index":"index","follow":"follow","max-snippet":"max-snippet:-1","max-image-preview":"max-image-preview:large","max-video-preview":"max-video-preview:-1"},"canonical":"https:\/\/www.connectwithus.ca\/ontario-autism-program-caregiver-mediated-early-years-programs\/","og_locale":"fr_FR","og_type":"article","og_title":"Programme ontarien pour l'autisme Programmes de la petite enfance g\u00e9r\u00e9s par des soignants - Connections Early Years Family Centre","og_description":"Les enfants \u00e2g\u00e9s de 12 \u00e0 48 mois (4 ans) et inscrits \u00e0 l'OAP peuvent participer gratuitement aux programmes m\u00e9diatis\u00e9s par les soignants.","og_url":"https:\/\/www.connectwithus.ca\/ontario-autism-program-caregiver-mediated-early-years-programs\/","og_site_name":"Connections Early Years Family Centre","article_modified_time":"2026-02-11T12:38:03+00:00","twitter_card":"summary_large_image","schema":{"@context":"https:\/\/schema.org","@graph":[{"@type":"WebPage","@id":"https:\/\/www.connectwithus.ca\/ontario-autism-program-caregiver-mediated-early-years-programs\/","url":"https:\/\/www.connectwithus.ca\/ontario-autism-program-caregiver-mediated-early-years-programs\/","name":"Programme ontarien pour l'autisme Programmes de la petite enfance g\u00e9r\u00e9s par des soignants - Connections Early Years Family Centre","isPartOf":{"@id":"https:\/\/www.connectwithus.ca\/#website"},"datePublished":"2022-05-27T15:53:58+00:00","dateModified":"2026-02-11T12:38:03+00:00","description":"Les enfants \u00e2g\u00e9s de 12 \u00e0 48 mois (4 ans) et inscrits \u00e0 l'OAP peuvent participer gratuitement aux programmes m\u00e9diatis\u00e9s par les soignants.","breadcrumb":{"@id":"https:\/\/www.connectwithus.ca\/ontario-autism-program-caregiver-mediated-early-years-programs\/#breadcrumb"},"inLanguage":"fr-FR","potentialAction":[{"@type":"ReadAction","target":["https:\/\/www.connectwithus.ca\/ontario-autism-program-caregiver-mediated-early-years-programs\/"]}]},{"@type":"BreadcrumbList","@id":"https:\/\/www.connectwithus.ca\/ontario-autism-program-caregiver-mediated-early-years-programs\/#breadcrumb","itemListElement":[{"@type":"ListItem","position":1,"name":"Home","item":"https:\/\/www.connectwithus.ca\/"},{"@type":"ListItem","position":2,"name":"Programme ontarien pour l&#8217;autisme Programmes de la petite enfance g\u00e9r\u00e9s par des soignants"}]},{"@type":"WebSite","@id":"https:\/\/www.connectwithus.ca\/#website","url":"https:\/\/www.connectwithus.ca\/","name":"Connections Early Years Family Centre","description":"Healthy development of families and their children in Windsor-Essex County.","potentialAction":[{"@type":"SearchAction","target":{"@type":"EntryPoint","urlTemplate":"https:\/\/www.connectwithus.ca\/?s={search_term_string}"},"query-input":{"@type":"PropertyValueSpecification","valueRequired":true,"valueName":"search_term_string"}}],"inLanguage":"fr-FR"}]}},"_links":{"self":[{"href":"https:\/\/www.connectwithus.ca\/fr\/wp-json\/wp\/v2\/pages\/1534","targetHints":{"allow":["GET"]}}],"collection":[{"href":"https:\/\/www.connectwithus.ca\/fr\/wp-json\/wp\/v2\/pages"}],"about":[{"href":"https:\/\/www.connectwithus.ca\/fr\/wp-json\/wp\/v2\/types\/page"}],"author":[{"embeddable":true,"href":"https:\/\/www.connectwithus.ca\/fr\/wp-json\/wp\/v2\/users\/1"}],"replies":[{"embeddable":true,"href":"https:\/\/www.connectwithus.ca\/fr\/wp-json\/wp\/v2\/comments?post=1534"}],"version-history":[{"count":0,"href":"https:\/\/www.connectwithus.ca\/fr\/wp-json\/wp\/v2\/pages\/1534\/revisions"}],"wp:attachment":[{"href":"https:\/\/www.connectwithus.ca\/fr\/wp-json\/wp\/v2\/media?parent=1534"}],"curies":[{"name":"wp","href":"https:\/\/api.w.org\/{rel}","templated":true}]}}