{"id":1515,"date":"2022-05-25T15:02:41","date_gmt":"2022-05-25T19:02:41","guid":{"rendered":"https:\/\/www.connectwithus.ca\/talk-2-me\/faq-sur-la-parole-et-le-langage\/"},"modified":"2026-02-11T08:36:27","modified_gmt":"2026-02-11T13:36:27","slug":"faq-sur-la-parole-et-le-langage","status":"publish","type":"page","link":"https:\/\/www.connectwithus.ca\/fr\/talk-2-me\/faq-sur-la-parole-et-le-langage\/","title":{"rendered":"FAQ sur la parole et le langage"},"content":{"rendered":"<div class=\"et_pb_section_0 et_pb_section et_pb_fullwidth_section et_section_regular et_block_section preset--group--divi-section--divi-spacing--default\"><section class=\"et_pb_fullwidth_header_0 et_pb_fullwidth_header et_pb_bg_layout_light et_pb_text_align_left et_animated et_pb_module et_flex_module preset--group--divi-fullwidth-header--divi-spacing--default preset--group--divi-fullwidth-header--divi-font-body--default preset--module--divi-fullwidth-header--default\"><div class=\"et_pb_fullwidth_header_container left\"><div class=\"header-content-container center\"><div class=\"header-content et_flex_module\"><h2 class=\"et_pb_module_header\">parle-moi<\/h2><span class=\"et_pb_fullwidth_header_subhead\">FAQ sur la parole et le langage<\/span><div class=\"et_pb_header_button_wrapper\"><\/div><\/div><\/div><\/div><div class=\"et_pb_fullwidth_header_overlay\"><\/div><div class=\"et_pb_fullwidth_header_scroll\"><a class=\"scroll-down-container\" href=\"#\"><span class=\"scroll-down et-pb-icon\">;<\/span><\/a><\/div><\/section><\/div><div class=\"et_pb_section_1 et_pb_section et_section_regular et_block_section preset--group--divi-section--divi-spacing--default\"><div class=\"et_pb_row_0 et_pb_row et_block_row preset--group--divi-row--divi-spacing--default\"><div class=\"et_pb_column_0 et_pb_column et_pb_column_4_4 et-last-child et_block_column et_pb_css_mix_blend_mode_passthrough preset--group--divi-column--divi-spacing--default\"><div class=\"et_pb_text_0 et_pb_text et_pb_bg_layout_light et_pb_module et_block_module preset--group--divi-text--divi-spacing--default preset--group--divi-text--divi-font-body--default preset--module--divi-text--default\"><div class=\"et_pb_text_inner\"><p><strong>De nombreux parents se posent des questions sur le niveau d'apprentissage de la parole de leur enfant. Voici les r\u00e9ponses \u00e0 certaines questions courantes que les parents se posent :<\/strong><\/p>\n<\/div><\/div><\/div><\/div><div class=\"et_pb_row_1 et_pb_row et_block_row preset--group--divi-row--divi-spacing--default\"><div class=\"et_pb_column_1 et_pb_column et_pb_column_1_2 et_block_column et_pb_css_mix_blend_mode_passthrough preset--group--divi-column--divi-spacing--default\"><div class=\"et_pb_accordion_0 et_pb_accordion et_pb_module et_block_module preset--group--divi-accordion--divi-spacing--default preset--group--divi-accordion--divi-font-body--default preset--module--divi-accordion--default\"><div class=\"et_pb_accordion_item_0 et_pb_accordion_item et_pb_toggle et_pb_module et_pb_toggle_open et_block_module preset--group--divi-accordion-item--divi-spacing--default preset--group--divi-accordion-item--divi-font-body--default preset--module--divi-accordion-item--default\"><h5 class=\"et_pb_toggle_title\">Un parent peut-il savoir si le langage de son enfant se d\u00e9veloppe bien ?<\/h5><div class=\"et_pb_toggle_content\"><p><span>Oui. C'est vous qui connaissez le mieux votre enfant. Vous parlez et \u00e9coutez votre enfant plus que quiconque. Si vous pensez que votre enfant a des difficult\u00e9s d'\u00e9locution ou de langage, contactez un orthophoniste.<\/span><\/p>\n<\/div><\/div><div class=\"et_pb_accordion_item_1 et_pb_accordion_item et_pb_toggle et_pb_module et_pb_toggle_close et_block_module preset--group--divi-accordion-item--divi-spacing--default preset--group--divi-accordion-item--divi-font-body--default preset--module--divi-accordion-item--default\"><h5 class=\"et_pb_toggle_title\">Les troubles de la parole et du langage dispara\u00eetront-ils avec l'\u00e2ge ?<\/h5><div class=\"et_pb_toggle_content\"><p><span>Certains enfants se d\u00e9barrassent en grandissant de leurs probl\u00e8mes de parole ou de langage. Il est pr\u00e9f\u00e9rable de ne pas attendre pour voir. Plus t\u00f4t une difficult\u00e9 est d\u00e9couverte, plus t\u00f4t nous pouvons commencer \u00e0 faire quelque chose pour l'aider.<\/span><\/p>\n<\/div><\/div><div class=\"et_pb_accordion_item_2 et_pb_accordion_item et_pb_toggle et_pb_module et_pb_toggle_close et_block_module preset--group--divi-accordion-item--divi-spacing--default preset--group--divi-accordion-item--divi-font-body--default preset--module--divi-accordion-item--default\"><h5 class=\"et_pb_toggle_title\">Dois-je attendre que mon enfant commence l'\u00e9cole ?<\/h5><div class=\"et_pb_toggle_content\"><p><span>Non. Si vous pensez que votre enfant a des difficult\u00e9s d'\u00e9locution, appelez imm\u00e9diatement. Il est pr\u00e9f\u00e9rable de traiter les troubles de la parole ou du langage \u00e0 un stade pr\u00e9coce. Votre enfant aura plus de temps pour d\u00e9velopper les comp\u00e9tences n\u00e9cessaires \u00e0 l'\u00e9cole.<\/span><\/p>\n<\/div><\/div><div class=\"et_pb_accordion_item_3 et_pb_accordion_item et_pb_toggle et_pb_module et_pb_toggle_close et_block_module preset--group--divi-accordion-item--divi-spacing--default preset--group--divi-accordion-item--divi-font-body--default preset--module--divi-accordion-item--default\"><h5 class=\"et_pb_toggle_title\">Comment puis-je faire un signalement pour mon enfant ?<\/h5><div class=\"et_pb_toggle_content\"><p><span>Vous pouvez nous appeler au 519-252-0636 ou remplir un <a href=\"https:\/\/cwustg.wpengine.com\/talk-2-me\/t2m-online-referral-form\/\">formulaire de recommandation en ligne<\/a>.<\/span><\/p>\n<\/div><\/div><div class=\"et_pb_accordion_item_4 et_pb_accordion_item et_pb_toggle et_pb_module et_pb_toggle_close et_block_module preset--group--divi-accordion-item--divi-spacing--default preset--group--divi-accordion-item--divi-font-body--default preset--module--divi-accordion-item--default\"><h5 class=\"et_pb_toggle_title\">Notre enfant aura-t-il des probl\u00e8mes de langage ou de parole si nous parlons plus d'une langue que d'une autre \u00e0 la maison ?<\/h5><div class=\"et_pb_toggle_content\"><p><span>Non. Les enfants d'un foyer bilingue peuvent commencer \u00e0 parler un peu plus tard, mais suivent le m\u00eame d\u00e9veloppement g\u00e9n\u00e9ral.<\/span><\/p>\n<\/div><\/div><div class=\"et_pb_accordion_item_5 et_pb_accordion_item et_pb_toggle et_pb_module et_pb_toggle_close et_block_module preset--group--divi-accordion-item--divi-spacing--default preset--group--divi-accordion-item--divi-font-body--default preset--module--divi-accordion-item--default\"><h5 class=\"et_pb_toggle_title\">Dois-je m'inqui\u00e9ter si mon enfant b\u00e9gaie ?<\/h5><div class=\"et_pb_toggle_content\"><p><span>Les enfants r\u00e9p\u00e8tent souvent des mots ou des phrases lorsqu'ils apprennent \u00e0 parler. C'est normal pour la plupart des enfants \u00e2g\u00e9s de 2 \u00e0 5 ans. Votre enfant peut faire cela pendant quelques jours ou plus. Tout enfant qui r\u00e9p\u00e8te fr\u00e9quemment des mots ou des phrases devrait \u00eatre vu par un orthophoniste.<\/span><\/p>\n<\/div><\/div><\/div><\/div><div class=\"et_pb_column_2 et_pb_column et_pb_column_1_2 et-last-child et_block_column et_pb_css_mix_blend_mode_passthrough preset--group--divi-column--divi-spacing--default\"><div class=\"et_pb_accordion_1 et_pb_accordion et_pb_module et_block_module preset--group--divi-accordion--divi-spacing--default preset--group--divi-accordion--divi-font-body--default preset--module--divi-accordion--default\"><div class=\"et_pb_accordion_item_6 et_pb_accordion_item et_pb_toggle et_pb_module et_pb_toggle_open et_block_module preset--group--divi-accordion-item--divi-spacing--default preset--group--divi-accordion-item--divi-font-body--default preset--module--divi-accordion-item--default\"><h5 class=\"et_pb_toggle_title\">Que se passe-t-il lorsque je contacte Talk 2 Me ?<\/h5><div class=\"et_pb_toggle_content\"><p><span>On vous demandera vos coordonn\u00e9es et quelques questions g\u00e9n\u00e9rales sur la parole et le langage de votre enfant. Dans un d\u00e9lai de 4 \u00e0 6 semaines, vous serez contact\u00e9 par notre assistant de programme afin de recueillir plus d'informations et de fixer un rendez-vous avec un orthophoniste.<\/span><\/p>\n<\/div><\/div><div class=\"et_pb_accordion_item_7 et_pb_accordion_item et_pb_toggle et_pb_module et_pb_toggle_close et_block_module preset--group--divi-accordion-item--divi-spacing--default preset--group--divi-accordion-item--divi-font-body--default preset--module--divi-accordion-item--default\"><h5 class=\"et_pb_toggle_title\">Que se passe-t-il au moment de l'\u00e9valuation ?<\/h5><div class=\"et_pb_toggle_content\"><p><span>Vous et votre enfant rencontrerez l'orthophoniste. On vous posera quelques questions relatives au d\u00e9veloppement de la communication de votre enfant. Votre enfant sera observ\u00e9 pendant qu'il joue avec des jouets, on lui posera des questions, il nommera des images\/objets et interagira de mani\u00e8re tr\u00e8s naturelle et amusante avec l'orthophoniste. Certains tests standardis\u00e9s peuvent avoir lieu. Vous obtiendrez les r\u00e9sultats au moment de l'\u00e9valuation et les services recommand\u00e9s seront discut\u00e9s avec vous.<\/span><\/p>\n<\/div><\/div><div class=\"et_pb_accordion_item_8 et_pb_accordion_item et_pb_toggle et_pb_module et_pb_toggle_close et_block_module preset--group--divi-accordion-item--divi-spacing--default preset--group--divi-accordion-item--divi-font-body--default preset--module--divi-accordion-item--default\"><h5 class=\"et_pb_toggle_title\">Quand dois-je m'inqui\u00e9ter de la fa\u00e7on dont mon enfant parle ?<\/h5><div class=\"et_pb_toggle_content\"><p><span>Il n'est jamais trop t\u00f4t pour consulter un orthophoniste. Un parent est celui qui conna\u00eet le mieux son enfant. Si vous avez des inqui\u00e9tudes quant au d\u00e9veloppement de la communication de votre enfant, appelez Talk 2 Me.<\/span><\/p>\n<\/div><\/div><div class=\"et_pb_accordion_item_9 et_pb_accordion_item et_pb_toggle et_pb_module et_pb_toggle_close et_block_module preset--group--divi-accordion-item--divi-spacing--default preset--group--divi-accordion-item--divi-font-body--default preset--module--divi-accordion-item--default\"><h5 class=\"et_pb_toggle_title\">Le service est-il payant ?<\/h5><div class=\"et_pb_toggle_content\"><p><span>Non. Le programme est financ\u00e9 par le minist\u00e8re de l'Enfance, de la Communaut\u00e9 et des Services sociaux.<\/span><\/p>\n<\/div><\/div><div class=\"et_pb_accordion_item_10 et_pb_accordion_item et_pb_toggle et_pb_module et_pb_toggle_close et_block_module preset--group--divi-accordion-item--divi-spacing--default preset--group--divi-accordion-item--divi-font-body--default preset--module--divi-accordion-item--default\"><h5 class=\"et_pb_toggle_title\">Y a-t-il une liste d'attente ?<\/h5><div class=\"et_pb_toggle_content\"><p><span>Il existe une liste d'attente pour les \u00e9valuations et certains types d'intervention. Si vous \u00eates inquiet, veuillez appeler le num\u00e9ro de contact.<\/span><\/p>\n<\/div><\/div><\/div><\/div><\/div><\/div><div class=\"et_pb_section_2 et_pb_section et_section_regular et_block_section preset--group--divi-section--divi-spacing--default\"><div class=\"et_pb_row_2 et_pb_row et_block_row preset--group--divi-row--divi-spacing--default\"><div class=\"et_pb_column_3 et_pb_column et_pb_column_1_2 et_block_column et_pb_css_mix_blend_mode_passthrough preset--group--divi-column--divi-spacing--default\"><div class=\"et_pb_text_1 et_pb_text et_pb_bg_layout_light et_pb_module et_block_module preset--group--divi-text--divi-spacing--default preset--group--divi-text--divi-font-body--default preset--module--divi-text--default\"><div class=\"et_pb_text_inner\"><h2 style=\"text-align: center;\">Partenaires du syst\u00e8me Talk 2 Me :<\/h2>\n<ul>\n<li style=\"text-align: left;\"><span>Connections Early Years Family Centre (Agence principale)<\/span><\/li>\n<li style=\"text-align: left;\"><a href=\"http:\/\/www.jmccentre.ca\/\" style=\"font-size: 16px; color: #44bcdf;\">Centre pour enfants John McGivney<\/a><\/li>\n<li style=\"text-align: left;\"><span style=\"color: #44bcdf;\"><a href=\"http:\/\/www.children-first.ca\/\" style=\"color: #44bcdf;\">Les enfants d'abord<\/a><\/span><\/li>\n<\/ul>\n<\/div><\/div><div class=\"et_pb_divider_0 et_pb_divider et_pb_space et_pb_divider_position_top et_pb_module preset--group--divi-divider--divi-spacing--default\"><div class=\"et_pb_divider_internal\"><\/div><\/div><div class=\"et_pb_text_2 et_pb_text et_pb_bg_layout_light et_pb_module et_block_module preset--group--divi-text--divi-spacing--default preset--group--divi-text--divi-font-body--default preset--module--divi-text--default\"><div class=\"et_pb_text_inner\"><h2 style=\"text-align: center;\">Bureaux satellites de Talk 2 Me :<\/h2>\n<ul>\n<li style=\"text-align: left;\">Great Beginnings Child Centered Co-operative Inc.<\/li>\n<li style=\"text-align: left;\">Centre d'apprentissage familial Ska:na<\/li>\n<\/ul>\n<\/div><\/div><\/div><div class=\"et_pb_column_4 et_pb_column et_pb_column_1_2 et-last-child et_block_column et_pb_css_mix_blend_mode_passthrough preset--group--divi-column--divi-spacing--default\"><div class=\"et_pb_text_3 et_pb_text et_pb_bg_layout_light et_pb_module et_block_module preset--group--divi-text--divi-spacing--default preset--group--divi-text--divi-font-body--default preset--module--divi-text--default\"><div class=\"et_pb_text_inner\"><h2 style=\"text-align: center;\"><span>N'attendez pas pour voir !<\/span><\/h2>\n<p style=\"text-align: center;\">Appelez <span style=\"color: #44bcdf;\"><br \/>\n  <strong>519.252.0636<\/strong><br \/>\n<\/span> pour nous recommander d\u00e8s aujourd'hui !<\/p>\n<\/div><\/div><div class=\"et_pb_image_0 et_pb_image et_pb_module et_block_module preset--group--divi-image--divi-spacing--default\"><span class=\"et_pb_image_wrap\"><img decoding=\"async\" data-src=\"https:\/\/www.connectwithus.ca\/wp-content\/uploads\/2022\/10\/Talk-2-Me.jpg\" width=\"734\" height=\"533\" data-srcset=\"https:\/\/www.connectwithus.ca\/wp-content\/uploads\/2022\/10\/Talk-2-Me.jpg 734w, https:\/\/www.connectwithus.ca\/wp-content\/uploads\/2022\/10\/Talk-2-Me-480x349.jpg 480w\" data-sizes=\"(min-width: 0px) and (max-width: 480px) 480px, (min-width: 481px) 734px, 100vw\" class=\"wp-image-1368 lazyload\" title=\"Talk 2 Me\" src=\"data:image\/svg+xml;base64,PHN2ZyB3aWR0aD0iMSIgaGVpZ2h0PSIxIiB4bWxucz0iaHR0cDovL3d3dy53My5vcmcvMjAwMC9zdmciPjwvc3ZnPg==\" style=\"--smush-placeholder-width: 734px; --smush-placeholder-aspect-ratio: 734\/533;\" \/><\/span><\/div><\/div><\/div><div class=\"et_pb_row_3 et_pb_row et_pb_row_4col et_pb_equal_columns et_block_row et_block_row_4col preset--group--divi-row--divi-spacing--default\"><div class=\"et_pb_column_5 et_pb_column et_pb_column_1_4 et_block_column et_pb_css_mix_blend_mode_passthrough preset--group--divi-column--divi-spacing--default\"><div class=\"et_pb_module et_pb_button_module_wrapper et_pb_button_0_wrapper preset--group--divi-button--divi-spacing--default_wrapper preset--module--divi-button--default_wrapper\"><a class=\"et_pb_button_0 et_pb_button et_pb_bg_layout_light et_pb_module et_block_module preset--group--divi-button--divi-spacing--default preset--module--divi-button--default\" href=\"https:\/\/connectwithus.ontarionow.ca\/child-referral\/\" data-icon=\"5\">Formulaire de recommandation en ligne<\/a><\/div><\/div><div class=\"et_pb_column_6 et_pb_column et_pb_column_1_4 et_block_column et_pb_css_mix_blend_mode_passthrough preset--group--divi-column--divi-spacing--default\"><div class=\"et_pb_module et_pb_button_module_wrapper et_pb_button_1_wrapper preset--group--divi-button--divi-spacing--default_wrapper preset--module--divi-button--default_wrapper\"><a class=\"et_pb_button_1 et_pb_button et_pb_bg_layout_light et_pb_module et_block_module preset--group--divi-button--divi-spacing--default preset--module--divi-button--default\" href=\"https:\/\/www.connectwithus.ca\/talk-2-me-2\/\" data-icon=\"5\">Informations sur le programme<\/a><\/div><\/div><div class=\"et_pb_column_7 et_pb_column et_pb_column_1_4 et_block_column et_pb_css_mix_blend_mode_passthrough preset--group--divi-column--divi-spacing--default\"><div class=\"et_pb_module et_pb_button_module_wrapper et_pb_button_2_wrapper preset--group--divi-button--divi-spacing--default_wrapper preset--module--divi-button--default_wrapper\"><a class=\"et_pb_button_2 et_pb_button et_pb_bg_layout_light et_pb_module et_block_module preset--group--divi-button--divi-spacing--default preset--module--divi-button--default\" href=\"https:\/\/www.connectwithus.ca\/talk-2-me-2\/speech-language-milestones\/\" data-icon=\"5\">Les \u00e9tapes de la parole et du langage<\/a><\/div><\/div><div class=\"et_pb_column_8 et_pb_column et_pb_column_1_4 et-last-child et_block_column et_pb_css_mix_blend_mode_passthrough preset--group--divi-column--divi-spacing--default\"><div class=\"et_pb_module et_pb_button_module_wrapper et_pb_button_3_wrapper preset--group--divi-button--divi-spacing--default_wrapper preset--module--divi-button--default_wrapper\"><a class=\"et_pb_button_3 et_pb_button et_pb_bg_layout_light et_pb_module et_block_module preset--group--divi-button--divi-spacing--default preset--module--divi-button--default\" href=\"https:\/\/www.connectwithus.ca\/talk-2-me-2\/speech-language-faq\/\" data-icon=\"5\">FAQ sur la parole et le langage<\/a><\/div><\/div><\/div><\/div>","protected":false},"excerpt":{"rendered":"","protected":false},"author":1,"featured_media":0,"parent":1511,"menu_order":0,"comment_status":"closed","ping_status":"closed","template":"","meta":{"footnotes":""},"class_list":["post-1515","page","type-page","status-publish","hentry"],"yoast_head":"<!-- This site is optimized with the Yoast SEO plugin v27.3 - https:\/\/yoast.com\/product\/yoast-seo-wordpress\/ -->\n<title>FAQ sur la parole et le langage - Connections Early Years Family Centre<\/title>\n<meta name=\"robots\" content=\"index, follow, max-snippet:-1, max-image-preview:large, max-video-preview:-1\" \/>\n<link rel=\"canonical\" href=\"https:\/\/www.connectwithus.ca\/talk-2-me\/speech-language-faq\/\" \/>\n<meta property=\"og:locale\" content=\"fr_FR\" \/>\n<meta property=\"og:type\" content=\"article\" \/>\n<meta property=\"og:title\" content=\"FAQ sur la parole et le langage - Connections Early Years Family Centre\" \/>\n<meta property=\"og:url\" content=\"https:\/\/www.connectwithus.ca\/talk-2-me\/speech-language-faq\/\" \/>\n<meta property=\"og:site_name\" content=\"Connections Early Years Family Centre\" \/>\n<meta property=\"article:modified_time\" content=\"2026-02-11T13:36:27+00:00\" \/>\n<meta name=\"twitter:card\" content=\"summary_large_image\" \/>\n<script type=\"application\/ld+json\" class=\"yoast-schema-graph\">{\"@context\":\"https:\\\/\\\/schema.org\",\"@graph\":[{\"@type\":\"WebPage\",\"@id\":\"https:\\\/\\\/www.connectwithus.ca\\\/talk-2-me\\\/speech-language-faq\\\/\",\"url\":\"https:\\\/\\\/www.connectwithus.ca\\\/talk-2-me\\\/speech-language-faq\\\/\",\"name\":\"FAQ sur la parole et le langage - Connections Early Years Family Centre\",\"isPartOf\":{\"@id\":\"https:\\\/\\\/www.connectwithus.ca\\\/#website\"},\"datePublished\":\"2022-05-25T19:02:41+00:00\",\"dateModified\":\"2026-02-11T13:36:27+00:00\",\"breadcrumb\":{\"@id\":\"https:\\\/\\\/www.connectwithus.ca\\\/talk-2-me\\\/speech-language-faq\\\/#breadcrumb\"},\"inLanguage\":\"fr-FR\",\"potentialAction\":[{\"@type\":\"ReadAction\",\"target\":[\"https:\\\/\\\/www.connectwithus.ca\\\/talk-2-me\\\/speech-language-faq\\\/\"]}]},{\"@type\":\"BreadcrumbList\",\"@id\":\"https:\\\/\\\/www.connectwithus.ca\\\/talk-2-me\\\/speech-language-faq\\\/#breadcrumb\",\"itemListElement\":[{\"@type\":\"ListItem\",\"position\":1,\"name\":\"Home\",\"item\":\"https:\\\/\\\/www.connectwithus.ca\\\/\"},{\"@type\":\"ListItem\",\"position\":2,\"name\":\"Parle-moi\",\"item\":\"https:\\\/\\\/www.connectwithus.ca\\\/talk-2-me\\\/\"},{\"@type\":\"ListItem\",\"position\":3,\"name\":\"FAQ sur la parole et le langage\"}]},{\"@type\":\"WebSite\",\"@id\":\"https:\\\/\\\/www.connectwithus.ca\\\/#website\",\"url\":\"https:\\\/\\\/www.connectwithus.ca\\\/\",\"name\":\"Connections Early Years Family Centre\",\"description\":\"Healthy development of families and their children in Windsor-Essex County.\",\"potentialAction\":[{\"@type\":\"SearchAction\",\"target\":{\"@type\":\"EntryPoint\",\"urlTemplate\":\"https:\\\/\\\/www.connectwithus.ca\\\/?s={search_term_string}\"},\"query-input\":{\"@type\":\"PropertyValueSpecification\",\"valueRequired\":true,\"valueName\":\"search_term_string\"}}],\"inLanguage\":\"fr-FR\"}]}<\/script>\n<!-- \/ Yoast SEO plugin. -->","yoast_head_json":{"title":"FAQ sur la parole et le langage - Connections Early Years Family Centre","robots":{"index":"index","follow":"follow","max-snippet":"max-snippet:-1","max-image-preview":"max-image-preview:large","max-video-preview":"max-video-preview:-1"},"canonical":"https:\/\/www.connectwithus.ca\/talk-2-me\/speech-language-faq\/","og_locale":"fr_FR","og_type":"article","og_title":"FAQ sur la parole et le langage - Connections Early Years Family Centre","og_url":"https:\/\/www.connectwithus.ca\/talk-2-me\/speech-language-faq\/","og_site_name":"Connections Early Years Family Centre","article_modified_time":"2026-02-11T13:36:27+00:00","twitter_card":"summary_large_image","schema":{"@context":"https:\/\/schema.org","@graph":[{"@type":"WebPage","@id":"https:\/\/www.connectwithus.ca\/talk-2-me\/speech-language-faq\/","url":"https:\/\/www.connectwithus.ca\/talk-2-me\/speech-language-faq\/","name":"FAQ sur la parole et le langage - Connections Early Years Family Centre","isPartOf":{"@id":"https:\/\/www.connectwithus.ca\/#website"},"datePublished":"2022-05-25T19:02:41+00:00","dateModified":"2026-02-11T13:36:27+00:00","breadcrumb":{"@id":"https:\/\/www.connectwithus.ca\/talk-2-me\/speech-language-faq\/#breadcrumb"},"inLanguage":"fr-FR","potentialAction":[{"@type":"ReadAction","target":["https:\/\/www.connectwithus.ca\/talk-2-me\/speech-language-faq\/"]}]},{"@type":"BreadcrumbList","@id":"https:\/\/www.connectwithus.ca\/talk-2-me\/speech-language-faq\/#breadcrumb","itemListElement":[{"@type":"ListItem","position":1,"name":"Home","item":"https:\/\/www.connectwithus.ca\/"},{"@type":"ListItem","position":2,"name":"Parle-moi","item":"https:\/\/www.connectwithus.ca\/talk-2-me\/"},{"@type":"ListItem","position":3,"name":"FAQ sur la parole et le langage"}]},{"@type":"WebSite","@id":"https:\/\/www.connectwithus.ca\/#website","url":"https:\/\/www.connectwithus.ca\/","name":"Connections Early Years Family Centre","description":"Healthy development of families and their children in Windsor-Essex County.","potentialAction":[{"@type":"SearchAction","target":{"@type":"EntryPoint","urlTemplate":"https:\/\/www.connectwithus.ca\/?s={search_term_string}"},"query-input":{"@type":"PropertyValueSpecification","valueRequired":true,"valueName":"search_term_string"}}],"inLanguage":"fr-FR"}]}},"_links":{"self":[{"href":"https:\/\/www.connectwithus.ca\/fr\/wp-json\/wp\/v2\/pages\/1515","targetHints":{"allow":["GET"]}}],"collection":[{"href":"https:\/\/www.connectwithus.ca\/fr\/wp-json\/wp\/v2\/pages"}],"about":[{"href":"https:\/\/www.connectwithus.ca\/fr\/wp-json\/wp\/v2\/types\/page"}],"author":[{"embeddable":true,"href":"https:\/\/www.connectwithus.ca\/fr\/wp-json\/wp\/v2\/users\/1"}],"replies":[{"embeddable":true,"href":"https:\/\/www.connectwithus.ca\/fr\/wp-json\/wp\/v2\/comments?post=1515"}],"version-history":[{"count":0,"href":"https:\/\/www.connectwithus.ca\/fr\/wp-json\/wp\/v2\/pages\/1515\/revisions"}],"up":[{"embeddable":true,"href":"https:\/\/www.connectwithus.ca\/fr\/wp-json\/wp\/v2\/pages\/1511"}],"wp:attachment":[{"href":"https:\/\/www.connectwithus.ca\/fr\/wp-json\/wp\/v2\/media?parent=1515"}],"curies":[{"name":"wp","href":"https:\/\/api.w.org\/{rel}","templated":true}]}}